{"id":6615,"date":"2025-11-02T21:33:03","date_gmt":"2025-11-02T20:33:03","guid":{"rendered":"https:\/\/verloskundigenpraktijkmargriet.nl\/den-haag-ebe-7-temel-ipucu\/"},"modified":"2025-11-02T21:33:12","modified_gmt":"2025-11-02T20:33:12","slug":"den-haag-ebe-7-temel-ipucu","status":"publish","type":"page","link":"https:\/\/verloskundigenpraktijkmargriet.nl\/tr\/den-haag-ebe-7-temel-ipucu\/","title":{"rendered":"Den Haag Ebe: 7 Temel \u0130pucu"},"content":{"rendered":"<p>[et_pb_section fb_built=&#8221;1&#8243; _builder_version=&#8221;4.27.4&#8243; use_background_color_gradient=&#8221;on&#8221; background_color_gradient_stops=&#8221;rgba(0,0,0,0.18) 0%|rgba(0,0,0,0.18) 100%&#8221; background_color_gradient_overlays_image=&#8221;on&#8221; background_image=&#8221;https:\/\/verloskundigenpraktijkmargriet.nl\/wp-content\/uploads\/2022\/11\/newborn-baby-feet-on-creamy-blanket-mom-and-her-c-2021-08-26-20-11-48-utc-scaled-1.jpg&#8221; custom_padding=&#8221;25px||55px||false|false&#8221; bottom_divider_style=&#8221;wave&#8221; bottom_divider_color=&#8221;#f9f8f2&#8243; locked=&#8221;off&#8221; global_colors_info=&#8221;{}&#8221;][et_pb_row use_custom_gutter=&#8221;on&#8221; gutter_width=&#8221;2&#8243; make_equal=&#8221;on&#8221; _builder_version=&#8221;4.18.1&#8243; width=&#8221;98%&#8221; width_tablet=&#8221;90%&#8221; width_phone=&#8221;90%&#8221; width_last_edited=&#8221;on|tablet&#8221; max_width=&#8221;1170px&#8221; max_width_tablet=&#8221;90%&#8221; max_width_phone=&#8221;90%&#8221; max_width_last_edited=&#8221;on|tablet&#8221; custom_margin_tablet=&#8221;120px||||false|false&#8221; custom_margin_phone=&#8221;120px||||false|false&#8221; custom_margin_last_edited=&#8221;on|tablet&#8221; global_colors_info=&#8221;{}&#8221;][et_pb_column type=&#8221;4_4&#8243; _builder_version=&#8221;4.16&#8243; custom_padding=&#8221;|||&#8221; global_colors_info=&#8221;{}&#8221; custom_padding__hover=&#8221;|||&#8221;][et_pb_text _builder_version=&#8221;4.27.4&#8243; text_font=&#8221;|||||on|||&#8221; text_text_color=&#8221;#ffffff&#8221; text_font_size=&#8221;20px&#8221; header_font=&#8221;Playfair Display|||on|||||&#8221; header_text_color=&#8221;#ffffff&#8221; header_font_size=&#8221;50px&#8221; header_letter_spacing=&#8221;3px&#8221; header_line_height=&#8221;1.5em&#8221; header_2_text_color=&#8221;#FFFFFF&#8221; header_2_font_size=&#8221;45px&#8221; text_orientation=&#8221;center&#8221; max_width=&#8221;800px&#8221; module_alignment=&#8221;center&#8221; custom_padding=&#8221;53px||&#8221; header_font_size_tablet=&#8221;&#8221; header_font_size_phone=&#8221;25px&#8221; header_font_size_last_edited=&#8221;on|phone&#8221; global_colors_info=&#8221;{}&#8221;]<\/p>\n<h2 class=\"site-title\">MARGRIET EBEL\u0130K KL\u0130N\u0130\u011e\u0130<\/h2>\n<p class=\"site-description\">Den Haag Ebe<\/p>\n<p>[\/et_pb_text][et_pb_divider color=&#8221;#ffffff&#8221; _builder_version=&#8221;4.18.0&#8243; _module_preset=&#8221;default&#8221; global_colors_info=&#8221;{}&#8221;][\/et_pb_divider][et_pb_menu menu_id=&#8221;44&#8243; active_link_color=&#8221;#ffffff&#8221; dropdown_menu_line_color=&#8221;#993300&#8243; dropdown_menu_text_color=&#8221;#000000&#8243; dropdown_menu_active_link_color=&#8221;#993300&#8243; mobile_menu_text_color=&#8221;#000000&#8243; disabled_on=&#8221;on|on|off&#8221; _builder_version=&#8221;4.19.0&#8243; _module_preset=&#8221;default&#8221; menu_font=&#8221;|||||on|||&#8221; menu_text_color=&#8221;#ffffff&#8221; menu_font_size=&#8221;17px&#8221; background_enable_color=&#8221;off&#8221; positioning=&#8221;relative&#8221; text_orientation=&#8221;center&#8221; width=&#8221;100%&#8221; global_colors_info=&#8221;{}&#8221;][\/et_pb_menu][\/et_pb_column][\/et_pb_row][\/et_pb_section][et_pb_section fb_built=&#8221;1&#8243; admin_label=&#8221;Header&#8221; _builder_version=&#8221;4.18.1&#8243; use_background_color_gradient=&#8221;on&#8221; background_color_gradient_direction=&#8221;90deg&#8221; background_color_gradient_stops=&#8221;rgba(210,218,228,0.38) 45%|#ffffff 45%&#8221; background_color_gradient_start=&#8221;rgba(210,218,228,0.38)&#8221; background_color_gradient_start_position=&#8221;45%&#8221; background_color_gradient_end=&#8221;#ffffff&#8221; background_color_gradient_end_position=&#8221;45%&#8221; background_image=&#8221;https:\/\/verloskundigenpraktijkmargriet.nl\/wp-content\/uploads\/2022\/11\/wed-bg-3.png&#8221; custom_margin=&#8221;||||false|false&#8221; custom_padding=&#8221;54px|0px|54px|0px|true|false&#8221; global_colors_info=&#8221;{}&#8221;][et_pb_row column_structure=&#8221;1_4,3_4&#8243; _builder_version=&#8221;4.18.1&#8243; _module_preset=&#8221;default&#8221; width=&#8221;90%&#8221; max_width=&#8221;1400px&#8221; module_alignment=&#8221;center&#8221; locked=&#8221;off&#8221; global_colors_info=&#8221;{}&#8221;][et_pb_column type=&#8221;1_4&#8243; _builder_version=&#8221;4.18.1&#8243; _module_preset=&#8221;default&#8221; global_colors_info=&#8221;{}&#8221;][et_pb_text disabled_on=&#8221;on|on|off&#8221; _builder_version=&#8221;4.27.4&#8243; _module_preset=&#8221;default&#8221; link_font=&#8221;|600||||on|||&#8221; link_text_color=&#8221;#000000&#8243; link_font_size=&#8221;16px&#8221; ul_text_color=&#8221;#ffffff&#8221; header_font=&#8221;|||on|||||&#8221; header_font_size=&#8221;22px&#8221; background_color=&#8221;rgba(214,185,148,0.87)&#8221; background_enable_image=&#8221;off&#8221; background_size=&#8221;contain&#8221; background_position=&#8221;bottom_center&#8221; custom_padding=&#8221;20px|10px|20px|10px|true|true&#8221; sticky_position=&#8221;top&#8221; sticky_offset_top=&#8221;15px&#8221; hover_enabled=&#8221;0&#8243; border_radii=&#8221;on|15px|15px|15px|15px&#8221; box_shadow_style=&#8221;preset1&#8243; global_colors_info=&#8221;{}&#8221; sticky_enabled=&#8221;0&#8243;]<\/p>\n<h2><span style=\"color: #993300;\"><strong>Bu sayfada<\/strong><\/span><\/h2>\n<p>&nbsp;<\/p>\n<ul>\n<li><a href=\"#wv\">Neler bekleyebilirsiniz<\/a><\/li>\n<li><a href=\"#ech\">Ultrasonlar ve muayeneler<\/a><\/li>\n<li><a href=\"#bev\">Den Haag&#8217;da do\u011fum<\/a><\/li>\n<li><a href=\"#kev\">Maliyetler ve geri \u00f6demeler<\/a><\/li>\n<li><a href=\"#werk\">\u00c7al\u0131\u015fma alan\u0131<\/a><\/li>\n<li><a href=\"#FAQ\">S\u0131k Sorulan Sorular<\/a><\/li>\n<\/ul>\n<p>[\/et_pb_text][\/et_pb_column][et_pb_column type=&#8221;3_4&#8243; _builder_version=&#8221;4.18.1&#8243; _module_preset=&#8221;default&#8221; global_colors_info=&#8221;{}&#8221;][et_pb_text _builder_version=&#8221;4.27.4&#8243; _module_preset=&#8221;e598b17a-9229-42f6-b238-019d6094332e&#8221; header_font=&#8221;|700||||on|||&#8221; header_text_align=&#8221;left&#8221; header_text_color=&#8221;#000000&#8243; header_font_size=&#8221;35px&#8221; header_line_height=&#8221;1.1em&#8221; custom_margin=&#8221;||10px||false|false&#8221; custom_padding_tablet=&#8221;&#8221; custom_padding_phone=&#8221;|5px||5px|false|true&#8221; custom_padding_last_edited=&#8221;on|phone&#8221; header_font_size_tablet=&#8221;50px&#8221; header_font_size_phone=&#8221;30px&#8221; header_font_size_last_edited=&#8221;on|phone&#8221; header_line_height_tablet=&#8221;1.2em&#8221; header_line_height_phone=&#8221;1.2em&#8221; header_line_height_last_edited=&#8221;on|desktop&#8221; locked=&#8221;off&#8221; global_colors_info=&#8221;{}&#8221;]<\/p>\n<h1><span style=\"color: #993300;\">Den Haag Ebe: 7 Temel \u0130pucu<\/span><\/h1>\n<p>[\/et_pb_text][et_pb_text _builder_version=&#8221;4.27.4&#8243; text_font=&#8221;|300|||||||&#8221; text_text_color=&#8221;#000000&#8243; text_font_size=&#8221;16px&#8221; text_line_height=&#8221;1.8em&#8221; header_font=&#8221;Yeseva One||||||||&#8221; header_text_color=&#8221;#3c1c20&#8243; header_font_size=&#8221;47px&#8221; header_line_height=&#8221;1.2em&#8221; custom_margin=&#8221;-13px||&#8221; locked=&#8221;off&#8221; global_colors_info=&#8221;{}&#8221;]<\/p>\n<p class=\"p1\"><span class=\"s1\">Den Haag&#8217;da bir ebe<\/span> ar\u0131yor ve \u00f6zellikle huzur, a\u00e7\u0131k a\u00e7\u0131klamalar ve hikayeniz i\u00e7in zaman istiyorsunuz? Verloskundigenpraktijk Margriet&#8217;te sizi \u00e7ocuk sahibi olma iste\u011finizden bebe\u011finizle ge\u00e7irece\u011finiz ilk haftalara kadar dikkat ve uzmanl\u0131kla y\u00f6nlendiriyoruz. Prati\u011fimiz k\u00fc\u00e7\u00fck \u00f6l\u00e7ekli oldu\u011fu i\u00e7in tan\u0131d\u0131k y\u00fczler g\u00f6r\u00fcrs\u00fcn\u00fcz ve kendinizi h\u0131zla rahat hissedersiniz. <span class=\"s1\"><b>T\u00fcm Den Haag, Rijswijk ve Westland<\/b><\/span> b\u00f6lgesinde \u00e7al\u0131\u015f\u0131yoruz ve bak\u0131m\u0131 sizin ihtiya\u00e7lar\u0131n\u0131za g\u00f6re ayarl\u0131yoruz\u2014tam tersine de\u011fil.   <\/p>\n<p class=\"p1\">T\u0131bbi k\u0131s\u0131m (kontroller, ultrasonlar ve gerekti\u011finde sevkler) ve bunun etraf\u0131ndaki her \u015fey i\u00e7in bize g\u00fcvenebilirsiniz: se\u00e7enekleri tart\u0131\u015fmak, endi\u015feleri payla\u015fmak, pratik ipu\u00e7lar\u0131 ve ger\u00e7ek\u00e7i beklentiler \u00e7izmek. Ulusal y\u00f6nergeleri takip ediyoruz ve ne yapt\u0131\u011f\u0131m\u0131z\u0131 ve neden yapt\u0131\u011f\u0131m\u0131z\u0131 her zaman a\u00e7\u0131k bir \u015fekilde a\u00e7\u0131kl\u0131yoruz. B\u00f6ylece kontrol\u00fc kendinizde tutars\u0131n\u0131z, yan\u0131n\u0131zda deneyimli rehberleriniz olarak bizimle.  <\/p>\n<p>[\/et_pb_text][et_pb_text module_id=&#8221;wv&#8221; _builder_version=&#8221;4.27.4&#8243; text_font=&#8221;|300|||||||&#8221; text_text_color=&#8221;#000000&#8243; text_font_size=&#8221;16px&#8221; text_line_height=&#8221;1.8em&#8221; header_font=&#8221;Yeseva One||||||||&#8221; header_text_color=&#8221;#3c1c20&#8243; header_font_size=&#8221;47px&#8221; header_line_height=&#8221;1.2em&#8221; header_2_text_align=&#8221;left&#8221; header_3_font=&#8221;|600||||on|||&#8221; text_orientation=&#8221;justified&#8221; custom_margin=&#8221;-13px||&#8221; locked=&#8221;off&#8221; global_colors_info=&#8221;{}&#8221;]<\/p>\n<h2 class=\"western\"><span style=\"color: #993300;\">Den Haag&#8217;daki ebe bak\u0131m\u0131m\u0131zdan neler bekleyebilece\u011finiz<\/span><\/h2>\n<p class=\"p1\">Hamileli\u011finiz benzersizdir; bu nedenle bak\u0131m plan\u0131n\u0131z da \u00f6yle. Standart listeler yerine sa\u011fl\u0131\u011f\u0131n\u0131za, ev durumunuza ve tercihlerinize uygun net anla\u015fmalarla \u00e7al\u0131\u015f\u0131yoruz. Kons\u00fcltasyonlar s\u0131ras\u0131nda zaman ay\u0131r\u0131yoruz\u2014\u00f6l\u00e7mek ve tartmak i\u00e7in, ama \u00f6zellikle dinlemek i\u00e7in. \u00d6rne\u011fin bilgi konusunda sizin i\u00e7in neyin rahat oldu\u011funu, nas\u0131l do\u011fum yapmak istedi\u011finizi, yan\u0131n\u0131zda kimi istedi\u011finizi ve neyin sizi heyecanland\u0131rd\u0131\u011f\u0131n\u0131 tart\u0131\u015f\u0131yoruz. Her \u015fey dile getirilebilir.    <\/p>\n<p class=\"p1\">Yol boyunca ger\u00e7ekleri g\u00f6r\u00fc\u015flerden ay\u0131rman\u0131za yard\u0131mc\u0131 oluyoruz. \u0130nternette \u00e7ok \u015fey bulunabilir; birlikte sizin durumunuza neyin uygulanabilir oldu\u011funa bak\u0131yoruz. Sa\u011fduyulu, dostane ve iyi dayand\u0131r\u0131lm\u0131\u015f tutuyoruz. Hamilelik s\u0131ras\u0131nda hareket etme, beslenme, \u00e7al\u0131\u015fma, uyuma, seyahat etme veya spor yapma gibi do\u011frudan faydalanabilece\u011finiz pratik tavsiyeler al\u0131rs\u0131n\u0131z.   <\/p>\n<h2 class=\"western\"><span style=\"color: #993300;\">Tek net bak\u0131m yolu: \u00e7ocuk sahibi olma iste\u011finden do\u011fum d\u00f6nemine<\/span><\/h2>\n<p class=\"p1\">Baz\u0131 kad\u0131nlar \u00e7ocuk sahibi olma iste\u011fiyle bize ba\u015fvuruyorlar. Bu, sa\u011fl\u0131kl\u0131 bir hamilelik \u015fans\u0131n\u0131z\u0131 art\u0131rmak i\u00e7in g\u00fczel bir ba\u015flang\u0131\u00e7 noktas\u0131d\u0131r. Ya\u015fam tarz\u0131, folik asit, olas\u0131 rahats\u0131zl\u0131klar veya ila\u00e7lar ve ailenizde olan durumlar\u0131 tart\u0131\u015f\u0131yoruz. <a href=\"https:\/\/verloskundigenpraktijkmargriet.nl\/tr\/cocuk-istegi\/\"><span class=\"s1\"><b>\u00c7ocuk \u0130ste\u011fi<\/b><\/span><\/a> sayfas\u0131nda daha fazla bilgi edinin.   <\/p>\n<p class=\"p1\">Pozitif testten sonra ilk randevunuzu planl\u0131yoruz. <g id=\"gid_0\">Erken haftalarda (0\u20135)<\/g> neler bekleyebilece\u011finiz ve hangi ultrasonlar\u0131n ne zaman mant\u0131kl\u0131 oldu\u011fu hakk\u0131nda a\u00e7\u0131klama al\u0131rs\u0131n\u0131z. <a href=\"https:\/\/verloskundigenpraktijkmargriet.nl\/tr\/00-05-hafta\/\"><span class=\"s1\"><b>0\u20135 hafta<\/b><\/span><\/a> sayfas\u0131na g\u00f6z atmaktan \u00e7ekinmeyin.   Ard\u0131ndan kilometre ta\u015flar\u0131n\u0131 birlikte ge\u00e7iyoruz: <a href=\"https:\/\/verloskundigenpraktijkmargriet.nl\/tr\/11-16-hafta\/\"><span class=\"s1\"><b>11\u201316 hafta<\/b><\/span><\/a>, <a href=\"https:\/\/verloskundigenpraktijkmargriet.nl\/tr\/16-24-hafta\/\"><span class=\"s1\"><b>16\u201324 hafta<\/b><\/span><\/a>, <a href=\"https:\/\/verloskundigenpraktijkmargriet.nl\/tr\/24-32-hafta\/\"><span class=\"s1\"><b>24\u201332 hafta<\/b><\/span><\/a> ve <a href=\"https:\/\/verloskundigenpraktijkmargriet.nl\/tr\/32-37-hafta\/\"><span class=\"s1\"><b>32\u201337 hafta<\/b><\/span><\/a>. Her d\u00f6nemde b\u00fcy\u00fcmeyi, iyilik halinizi ve olas\u0131 \u015fikayetleri tart\u0131\u015f\u0131yoruz; sorular\u0131n\u0131z i\u00e7in de bol zaman ay\u0131r\u0131yoruz. <\/p>\n<p class=\"p1\">Tahmini tarih yakla\u015ft\u0131k\u00e7a do\u011fumu sakin ve ad\u0131m ad\u0131m haz\u0131rl\u0131yoruz. Bu konuda <a href=\"https:\/\/verloskundigenpraktijkmargriet.nl\/tr\/37-42-hafta\/\"><span class=\"s1\"><b>37\u201342 hafta<\/b><\/span><\/a> sayfas\u0131nda daha fazla bilgi okuyabilirsiniz. Do\u011fumdan sonra dikkatimiz durmuyor. <a href=\"https:\/\/verloskundigenpraktijkmargriet.nl\/tr\/bebek-ve-lohusalik-donemi\/\"><span class=\"s1\"><b>Bebek &amp; do\u011fum d\u00f6nemi<\/b><\/span><\/a>nde iyile\u015fmenizi, beslenmeyi, uykuyu ve \u00fczerinize gelen t\u00fcm yeni \u015feyleri birlikte de\u011ferlendiriyoruz.   <\/p>\n<p>[\/et_pb_text][et_pb_text module_id=&#8221;ech&#8221; _builder_version=&#8221;4.27.4&#8243; text_font=&#8221;|300|||||||&#8221; text_text_color=&#8221;#000000&#8243; text_font_size=&#8221;16px&#8221; text_line_height=&#8221;1.8em&#8221; header_font=&#8221;Yeseva One||||||||&#8221; header_text_color=&#8221;#3c1c20&#8243; header_font_size=&#8221;47px&#8221; header_line_height=&#8221;1.2em&#8221; header_2_text_align=&#8221;left&#8221; header_3_font=&#8221;|600||||on|||&#8221; text_orientation=&#8221;justified&#8221; custom_margin=&#8221;-13px||&#8221; locked=&#8221;off&#8221; global_colors_info=&#8221;{}&#8221;]<\/p>\n<h2 class=\"western\"><span style=\"color: #993300;\">Ultrasonlar ve muayeneler: a\u00e7\u0131k, uygun ve sorunsuz<\/span><\/h2>\n<p class=\"p1\">Ultrasonlar bilgi verir ve \u00e7o\u011fu zaman da g\u00fcven verir. Her muayenenin neyi g\u00f6sterebilece\u011fini ve sonu\u00e7la ne yapabilece\u011finizi \u00f6nceden tart\u0131\u015f\u0131yoruz. \u00d6rnekler aras\u0131nda tarih ultrasonu ve 13 ile 20 haftal\u0131k ultrason bulunur. T\u0131bbi olarak gerekli oldu\u011funda b\u00fcy\u00fcme kontrollerini planl\u0131yoruz; gereksiz muayeneleri yapm\u0131yoruz. Ultrason s\u0131ras\u0131nda g\u00f6rd\u00fcklerimizi anla\u015f\u0131l\u0131r bir dille anlat\u0131yoruz. Herhangi bir haz\u0131rl\u0131k yapman\u0131za gerek yok; ancak sorular\u0131n\u0131z\u0131 \u00f6nceden not etmeniz g\u00fczel olur, b\u00f6ylece rahat\u00e7a \u00fczerinden ge\u00e7ebiliriz.     <\/p>\n<p class=\"p1\">Bazen bir sonu\u00e7 hastanede takip muayenesine yol a\u00e7ar. Bu durumda h\u0131zl\u0131 bir devir sa\u011fl\u0131yoruz ve pratik sorular\u0131n\u0131z i\u00e7in ileti\u015fim noktan\u0131z olmaya devam ediyoruz. Ama\u00e7, durumunuzu tam olarak bilmeniz ve hi\u00e7bir gev\u015fek u\u00e7un kalmamas\u0131d\u0131r.  <\/p>\n<p>[\/et_pb_text][et_pb_text module_id=&#8221;bev&#8221; _builder_version=&#8221;4.27.4&#8243; text_font=&#8221;|300|||||||&#8221; text_text_color=&#8221;#000000&#8243; text_font_size=&#8221;16px&#8221; text_line_height=&#8221;1.8em&#8221; header_font=&#8221;Yeseva One||||||||&#8221; header_text_color=&#8221;#3c1c20&#8243; header_font_size=&#8221;47px&#8221; header_line_height=&#8221;1.2em&#8221; header_3_font=&#8221;|600||||on|||&#8221; text_orientation=&#8221;justified&#8221; custom_margin=&#8221;-13px||&#8221; locked=&#8221;off&#8221; global_colors_info=&#8221;{}&#8221;]<\/p>\n<h2 class=\"western\"><span style=\"color: #993300;\">Den Haag&#8217;da veya b\u00f6lgede evde do\u011fum<\/span><\/h2>\n<p class=\"p1\">\u0130ster <span class=\"s1\"><b>evde do\u011fum yapmay\u0131<\/b><\/span> tercih edin ister <span class=\"s1\"><b>hastanede<\/b><\/span>: neyin iyi hissettirdi\u011fini ve t\u0131bbi (im)kans\u0131zl\u0131klar\u0131n neler oldu\u011funu erken d\u00f6nemde sizinle tart\u0131\u015f\u0131yoruz. Den Haag&#8217;da birden fazla se\u00e7enek var; sizinle birlikte en iyi nerede rahat edebilece\u011finize bak\u0131yoruz. Evde g\u00fcvenli, sakin bir ortam sa\u011fl\u0131yoruz ve hastanede de ayn\u0131 \u015fekilde yak\u0131n\u0131n\u0131zda size rehberlik ediyoruz. Bir \u015fey beklenenden farkl\u0131 giderse plan\u0131 birlikte ayarl\u0131yoruz. \u0130stekleriniz \u00e7\u0131k\u0131\u015f noktas\u0131 olmaya devam eder.    <\/p>\n<p class=\"p1\">Do\u011fum pozisyonlar\u0131, partnerinizin rol\u00fc, a\u011fr\u0131 kesici ve do\u011fumdan sonraki ilk saatlere de dikkat ediyoruz. K\u00fc\u00e7\u00fck se\u00e7imler olabilir\u2014m\u00fczik a\u00e7\u0131k veya tam sessizlik, du\u015f almak veya yatakta kalmak\u2014ama i\u015fte bu t\u00fcr detaylar \u00e7o\u011fu zaman do\u011fuma nas\u0131l bakt\u0131\u011f\u0131n\u0131zda fark yarat\u0131r. <\/p>\n<p>[\/et_pb_text][et_pb_text module_id=&#8221;wv&#8221; _builder_version=&#8221;4.27.4&#8243; text_font=&#8221;|300|||||||&#8221; text_text_color=&#8221;#000000&#8243; text_font_size=&#8221;16px&#8221; text_line_height=&#8221;1.8em&#8221; header_font=&#8221;Yeseva One||||||||&#8221; header_text_color=&#8221;#3c1c20&#8243; header_font_size=&#8221;47px&#8221; header_line_height=&#8221;1.2em&#8221; header_3_font=&#8221;|600||||on|||&#8221; text_orientation=&#8221;justified&#8221; custom_margin=&#8221;-13px||&#8221; locked=&#8221;off&#8221; global_colors_info=&#8221;{}&#8221;]<\/p>\n<h2 class=\"western\"><span style=\"color: #993300;\">Dil ve eri\u015filebilirlik<\/span><\/h2>\n<p class=\"p1\">Herkes Hollandaca okumay\u0131 sevmez. Bilgilerimiz <a href=\"https:\/\/verloskundigenpraktijkmargriet.nl\/en\/\"><span class=\"s1\"><b>\u0130ngilizce,<\/b><\/span><\/a> <a href=\"https:\/\/verloskundigenpraktijkmargriet.nl\/pl\/\"><span class=\"s1\"><b>Leh\u00e7e<\/b><\/span><\/a> ve <a href=\"\/tr\/\"><span class=\"s1\"><b>T\u00fcrk\u00e7e<\/b><\/span><\/a> olarak da mevcuttur. Konu\u015fmaya yard\u0131mc\u0131 olacaksa randevuya birini getirmekten \u00e7ekinmeyin. Sakin, anla\u015f\u0131l\u0131r bir a\u00e7\u0131klama sa\u011fl\u0131yoruz ve \u00f6nemli noktalar\u0131 ka\u011f\u0131da yaz\u0131yor veya mail at\u0131yoruz, b\u00f6ylece evde tekrar okuyabilirsiniz.   <\/p>\n<p>[\/et_pb_text][et_pb_text module_id=&#8221;kev&#8221; _builder_version=&#8221;4.27.4&#8243; text_font=&#8221;|300|||||||&#8221; text_text_color=&#8221;#000000&#8243; text_font_size=&#8221;16px&#8221; text_line_height=&#8221;1.8em&#8221; header_font=&#8221;Yeseva One||||||||&#8221; header_text_color=&#8221;#3c1c20&#8243; header_font_size=&#8221;47px&#8221; header_line_height=&#8221;1.2em&#8221; header_2_text_align=&#8221;left&#8221; header_3_font=&#8221;|600||||on|||&#8221; text_orientation=&#8221;justified&#8221; custom_margin=&#8221;-13px||&#8221; locked=&#8221;off&#8221; global_colors_info=&#8221;{}&#8221;]<\/p>\n<h2 class=\"western\"><span style=\"color: #993300;\">Maliyetler ve geri \u00f6demeler: basit\u00e7e a\u00e7\u0131klanm\u0131\u015f<\/span><\/h2>\n<p class=\"p1\">Bizden ald\u0131\u011f\u0131n\u0131z den haag ebe bak\u0131m\u0131 <span class=\"s1\"><b>temel sigorta<\/b><\/span> kapsam\u0131ndad\u0131r. Pratik d\u0131\u015f\u0131ndaki muayeneler veya bak\u0131m i\u00e7in\u2014laboratuvar maliyetleri veya hastane muayeneleri gibi\u2014 <span class=\"s1\"><b>kendi riskiniz<\/b><\/span> ge\u00e7erli olabilir. Bu bazen kafa kar\u0131\u015ft\u0131r\u0131c\u0131d\u0131r; bu nedenle se\u00e7eneklerinizi birlikte g\u00f6zden ge\u00e7iriyoruz. Bir \u015feyi kontrol etmek istiyorsan\u0131z poli\u00e7enizi getirin, bunu sizin i\u00e7in de ara\u015ft\u0131rabiliriz. Sonradan s\u00fcrprizler de\u011fil, \u00f6nceden net bilgi tercih ediyoruz.    <\/p>\n<p>[\/et_pb_text][et_pb_text module_id=&#8221;abf&#8221; _builder_version=&#8221;4.27.4&#8243; text_font=&#8221;|300|||||||&#8221; text_text_color=&#8221;#000000&#8243; text_font_size=&#8221;16px&#8221; text_line_height=&#8221;1.8em&#8221; header_font=&#8221;Yeseva One||||||||&#8221; header_text_color=&#8221;#3c1c20&#8243; header_font_size=&#8221;47px&#8221; header_line_height=&#8221;1.2em&#8221; header_3_font=&#8221;|600||||on|||&#8221; background_color=&#8221;rgba(243,219,195,0.34)&#8221; text_orientation=&#8221;justified&#8221; width_tablet=&#8221;&#8221; width_phone=&#8221;&#8221; width_last_edited=&#8221;on|phone&#8221; custom_margin=&#8221;||||false|false&#8221; custom_padding=&#8221;25px|25px|25px|25px|true|true&#8221; border_radii=&#8221;on|15px|15px|15px|15px&#8221; box_shadow_style=&#8221;preset1&#8243; box_shadow_blur=&#8221;2px&#8221; locked=&#8221;off&#8221; global_colors_info=&#8221;{}&#8221;]<\/p>\n<h2 class=\"western\"><span style=\"color: #993300;\">\u00d6nemli olan i\u00e7in 7\/24 ula\u015f\u0131labilir<\/span><\/h2>\n<p class=\"p1\">Hamileli\u011finiz s\u0131ras\u0131nda bir \u015fey oldu\u011funda arayabilmek istersiniz. <span class=\"s1\"><b>Acil durumlar i\u00e7in 7\/24 ula\u015f\u0131labilir<\/b><\/span>iz. Acil olmayan sorular i\u00e7in sizin ve partnerinizin uygun oldu\u011fu zaman\u0131 d\u00fc\u015f\u00fcnmekten memnuniyet duyar\u0131z. Bazen k\u0131sa bir telefon g\u00f6r\u00fc\u015fmesi yeterlidir; bazen u\u011framak daha ho\u015ftur. Her iki durumda da e\u015fi\u011fi d\u00fc\u015f\u00fck tutuyoruz.    <\/p>\n<p>[\/et_pb_text][\/et_pb_column][\/et_pb_row][et_pb_row column_structure=&#8221;1_4,1_2,1_4&#8243; _builder_version=&#8221;4.27.4&#8243; _module_preset=&#8221;default&#8221; width=&#8221;90%&#8221; max_width=&#8221;1400px&#8221; global_colors_info=&#8221;{}&#8221;][et_pb_column type=&#8221;1_4&#8243; _builder_version=&#8221;4.27.4&#8243; _module_preset=&#8221;default&#8221; global_colors_info=&#8221;{}&#8221;][\/et_pb_column][et_pb_column type=&#8221;1_2&#8243; _builder_version=&#8221;4.27.4&#8243; _module_preset=&#8221;default&#8221; global_colors_info=&#8221;{}&#8221;][et_pb_text module_id=&#8221;werk&#8221; _builder_version=&#8221;4.27.4&#8243; text_font=&#8221;|300|||||||&#8221; text_text_color=&#8221;#000000&#8243; text_font_size=&#8221;16px&#8221; text_line_height=&#8221;1.8em&#8221; header_font=&#8221;Yeseva One||||||||&#8221; header_text_color=&#8221;#3c1c20&#8243; header_font_size=&#8221;47px&#8221; header_line_height=&#8221;1.2em&#8221; header_2_text_align=&#8221;left&#8221; header_3_font=&#8221;|600||||on|||&#8221; text_orientation=&#8221;justified&#8221; custom_margin=&#8221;-13px||&#8221; locked=&#8221;off&#8221; global_colors_info=&#8221;{}&#8221;]<\/p>\n<h2 class=\"western\"><span style=\"color: #993300;\">Den Haag, Rijswijk ve Westland ebe olarak \u00e7al\u0131\u015fma alan\u0131m\u0131z<\/span><\/h2>\n<p class=\"p1\"><span class=\"s1\"><b>T\u00fcm Den Haag<\/b><\/span>, <span class=\"s1\"><b>Rijswijk<\/b><\/span> ve <span class=\"s1\"><b>Westland<\/b><\/span>&#8216;daki hamile kad\u0131nlara rehberlik ediyoruz. \u0130ster merkezde, Loosduinen&#8217;de, Segbroek&#8217;te, Kijkduin&#8217;de, Scheveningen&#8217;de, Bezuidenhout&#8217;ta veya Wateringen, Naaldwijk, Monster, Poeldijk veya &#8216;s-Gravenzande gibi yerlerde ya\u015fay\u0131n: bize ba\u015fvurabilirsiniz. Hatlar k\u0131sa ve b\u00f6lgesel rotalar\u0131 iyi biliyoruz, bunu \u00f6rne\u011fin do\u011fum bak\u0131m\u0131 (kendi do\u011fum bak\u0131c\u0131lar\u0131m\u0131z\u0131n da oldu\u011funu biliyor muydunuz?), se\u00e7im yard\u0131mc\u0131lar\u0131 veya yerel tesisler hakk\u0131nda verdi\u011fimiz pratik ipu\u00e7lar\u0131ndan anlars\u0131n\u0131z.  <\/p>\n<p class=\"p1\"><a href=\"https:\/\/verloskundigenpraktijkmargriet.nl\/tr\/pratik\/\"><span class=\"s1\"><b>Pratik<\/b><\/span><\/a> sayfam\u0131zda kim oldu\u011fumuz ve nas\u0131l \u00e7al\u0131\u015ft\u0131\u011f\u0131m\u0131z hakk\u0131nda daha fazla bilgi okuyabilirsiniz. A\u00e7\u0131k ileti\u015fimi seviyoruz. Bu, isteklerinizi dile getirmeniz i\u00e7in sizi davet etti\u011fimiz ve bir \u015fey t\u0131bbi a\u00e7\u0131dan ak\u0131ll\u0131ca de\u011filse d\u00fcr\u00fcst oldu\u011fumuz anlam\u0131na gelir. B\u00f6ylece den haag ebe olarak hem g\u00fcvenli hem de ki\u015fisel tutuyoruz.    <\/p>\n<p>[\/et_pb_text][\/et_pb_column][et_pb_column type=&#8221;1_4&#8243; _builder_version=&#8221;4.27.4&#8243; _module_preset=&#8221;default&#8221; global_colors_info=&#8221;{}&#8221;][et_pb_text _builder_version=&#8221;4.27.4&#8243; _module_preset=&#8221;default&#8221; global_colors_info=&#8221;{}&#8221;][\/et_pb_text][et_pb_image src=&#8221;https:\/\/verloskundigenpraktijkmargriet.nl\/wp-content\/uploads\/2025\/10\/Scherm\u00adafbeelding-2025-10-04-om-22.42.05.png&#8221; alt=&#8221;den haag ebeleri&#8221; title_text=&#8221;Ekran g\u00f6r\u00fcnt\u00fcs\u00fc 2025-10-04 saat 22.42.05&#8243; _builder_version=&#8221;4.27.4&#8243; _module_preset=&#8221;default&#8221; global_colors_info=&#8221;{}&#8221;][\/et_pb_image][et_pb_text _builder_version=&#8221;4.27.4&#8243; _module_preset=&#8221;default&#8221; global_colors_info=&#8221;{}&#8221;][\/et_pb_text][\/et_pb_column][\/et_pb_row][et_pb_row column_structure=&#8221;1_4,3_4&#8243; _builder_version=&#8221;4.18.1&#8243; _module_preset=&#8221;default&#8221; width=&#8221;90%&#8221; max_width=&#8221;1400px&#8221; module_alignment=&#8221;center&#8221; locked=&#8221;off&#8221; global_colors_info=&#8221;{}&#8221;][et_pb_column type=&#8221;1_4&#8243; _builder_version=&#8221;4.18.1&#8243; _module_preset=&#8221;default&#8221; global_colors_info=&#8221;{}&#8221;][\/et_pb_column][et_pb_column type=&#8221;3_4&#8243; _builder_version=&#8221;4.18.1&#8243; _module_preset=&#8221;default&#8221; global_colors_info=&#8221;{}&#8221;][et_pb_text module_id=&#8221;FAQ&#8221; _builder_version=&#8221;4.27.4&#8243; text_font=&#8221;|300|||||||&#8221; text_text_color=&#8221;#000000&#8243; text_font_size=&#8221;16px&#8221; text_line_height=&#8221;1.8em&#8221; header_font=&#8221;Yeseva One||||||||&#8221; header_text_color=&#8221;#3c1c20&#8243; header_font_size=&#8221;47px&#8221; header_line_height=&#8221;1.2em&#8221; header_3_font=&#8221;|||||on|||&#8221; text_orientation=&#8221;justified&#8221; custom_margin=&#8221;||||false|false&#8221; locked=&#8221;off&#8221; global_colors_info=&#8221;{}&#8221;]<\/p>\n<h2 class=\"western\"><span style=\"color: #993300;\">S\u0131k Sorulan Sorular<\/span><\/h2>\n<p>[\/et_pb_text][et_pb_toggle title=&#8221;Den Haag&#039;da ebeye ne zaman ba\u015fvururum?&#8221; _builder_version=&#8221;4.27.4&#8243; _module_preset=&#8221;default&#8221; global_colors_info=&#8221;{}&#8221;]<\/p>\n<p class=\"p1\">Tercihen <span class=\"s1\">pozitif testten<b> hemen sonra<\/b><\/span>. B\u00f6ylece muayeneleri zaman\u0131nda planl\u0131yoruz ve ilk sorular\u0131n\u0131za h\u0131zla cevap al\u0131yorsunuz. <\/p>\n<p>[\/et_pb_toggle][et_pb_toggle title=&#8221;Sevke ihtiyac\u0131m var m\u0131?&#8221; _builder_version=&#8221;4.27.4&#8243; _module_preset=&#8221;default&#8221; global_colors_info=&#8221;{}&#8221;]<\/p>\n<p class=\"p1\">Hay\u0131r, bize <span class=\"s1\"><b>do\u011frudan<\/b><\/span> ba\u015fvurabilirsiniz. Karma\u015f\u0131k prosed\u00fcrler yok, hemen ileti\u015fime ge\u00e7ebilirsiniz. <\/p>\n<p>[\/et_pb_toggle][et_pb_toggle title=&#8221;Ev ve hastane aras\u0131nda se\u00e7im yapabilir miyim?&#8221; _builder_version=&#8221;4.27.4&#8243; _module_preset=&#8221;default&#8221; global_colors_info=&#8221;{}&#8221;]<\/p>\n<p class=\"p1\">Evet, kontroller s\u0131ras\u0131nda isteklerinizi tart\u0131\u015f\u0131yor ve do\u011fum plan\u0131 yap\u0131yoruz. Her iki se\u00e7ene\u011fi de iyi haz\u0131rl\u0131yoruz ve sizin durumunuzda neyin uygun ve m\u00fcmk\u00fcn oldu\u011funu tart\u0131\u015f\u0131yoruz. <\/p>\n<p>[\/et_pb_toggle][et_pb_toggle title=&#8221;\u0130lk randevuya ne getireyim?&#8221; _builder_version=&#8221;4.27.4&#8243; _module_preset=&#8221;default&#8221; global_colors_info=&#8221;{}&#8221;]<\/p>\n<p class=\"p1\">Kimlik ve sa\u011fl\u0131k kart\u0131 pratiktir; bunun d\u0131\u015f\u0131nda \u00f6zellikle sorular\u0131n\u0131z ve endi\u015feleriniz. Bunlar i\u00e7in zaman ay\u0131r\u0131yoruz. <\/p>\n<p>[\/et_pb_toggle][et_pb_toggle title=&#8221;Hamilelik s\u0131ras\u0131nda hareket, seyahat veya \u00e7al\u0131\u015fma konusunda endi\u015felerim varsa ne olur?&#8221; _builder_version=&#8221;4.27.4&#8243; _module_preset=&#8221;default&#8221; global_colors_info=&#8221;{}&#8221;]<\/p>\n<p>Getirmekten \u00e7ekinmeyin. Neyin sorumlu oldu\u011funa ve kendinizi iyi hissetmeye devam etmenize neyin yard\u0131mc\u0131 oldu\u011funa birlikte bak\u0131yoruz. <a href=\"https:\/\/verloskundigenpraktijkmargriet.nl\/tr\/margrietin-kutuphanesi\/\"><span class=\"s1\"><b>Margriet&#8217;in K\u00fct\u00fcphanesi<\/b><\/span><\/a>nde daha fazla arka plan bulabilirsiniz.  <\/p>\n<p>[\/et_pb_toggle][\/et_pb_column][\/et_pb_row][et_pb_row column_structure=&#8221;1_4,1_4,1_2&#8243; _builder_version=&#8221;4.19.0&#8243; _module_preset=&#8221;default&#8221; width=&#8221;90%&#8221; width_tablet=&#8221;&#8221; width_phone=&#8221;98%&#8221; width_last_edited=&#8221;on|phone&#8221; max_width=&#8221;1400px&#8221; module_alignment=&#8221;center&#8221; global_colors_info=&#8221;{}&#8221;][et_pb_column type=&#8221;1_4&#8243; disabled_on=&#8221;on|on|off&#8221; _builder_version=&#8221;4.19.0&#8243; _module_preset=&#8221;default&#8221; global_colors_info=&#8221;{}&#8221; custom_css_main_element_last_edited=&#8221;on|tablet&#8221; custom_css_main_element_tablet=&#8221;width: 0% !important;&#8221; custom_css_main_element_phone=&#8221;width: 0% !important;&#8221;][\/et_pb_column][et_pb_column type=&#8221;1_4&#8243; _builder_version=&#8221;4.19.0&#8243; _module_preset=&#8221;default&#8221; global_colors_info=&#8221;{}&#8221; custom_css_main_element_last_edited=&#8221;on|tablet&#8221; custom_css_main_element_tablet=&#8221;width: 50% !important;&#8221; custom_css_main_element_phone=&#8221;width: 50% !important;&#8221;][et_pb_button button_url=&#8221;https:\/\/verloskundigenpraktijkmargriet.nl\/tr\/margrietin-kutuphanesi\/&#8221; button_text=&#8221;K\u00fct\u00fcphaneye Geri D\u00f6n&#8221; button_alignment=&#8221;left&#8221; _builder_version=&#8221;4.27.4&#8243; _module_preset=&#8221;default&#8221; custom_button=&#8221;on&#8221; button_text_color=&#8221;#993300&#8243; button_border_width=&#8221;0px&#8221; button_font=&#8221;|||||on|||&#8221; button_icon=&#8221;&#x23;||divi||400&#8243; button_icon_placement=&#8221;left&#8221; button_on_hover=&#8221;off&#8221; global_colors_info=&#8221;{}&#8221; button_bg_color__hover_enabled=&#8221;on|hover&#8221; button_bg_color__hover=&#8221;RGBA(255,255,255,0)&#8221; button_bg_enable_color__hover=&#8221;on&#8221;][\/et_pb_button][\/et_pb_column][et_pb_column type=&#8221;1_2&#8243; _builder_version=&#8221;4.19.0&#8243; _module_preset=&#8221;default&#8221; global_colors_info=&#8221;{}&#8221; custom_css_main_element_last_edited=&#8221;on|tablet&#8221; custom_css_main_element_tablet=&#8221;width: 33.3% !important;&#8221; custom_css_main_element_phone=&#8221;width: 50% !important;&#8221;][et_pb_button button_url=&#8221;https:\/\/verloskundigenpraktijkmargriet.nl\/tr\/blog\/&#8221; button_text=&#8221;Blog&#8221; button_alignment=&#8221;right&#8221; _builder_version=&#8221;4.27.4&#8243; _module_preset=&#8221;default&#8221; custom_button=&#8221;on&#8221; button_text_color=&#8221;#993300&#8243; button_border_width=&#8221;0px&#8221; button_font=&#8221;|||||on|||&#8221; button_icon=&#8221;&#x24;||divi||400&#8243; button_on_hover=&#8221;off&#8221; global_colors_info=&#8221;{}&#8221; button_bg_color__hover_enabled=&#8221;on|hover&#8221; button_bg_color__hover=&#8221;RGBA(255,255,255,0)&#8221; button_bg_enable_color__hover=&#8221;on&#8221;][\/et_pb_button][\/et_pb_column][\/et_pb_row][\/et_pb_section]<\/p>\n","protected":false},"excerpt":{"rendered":"<p>MARGRIET EBEL\u0130K KL\u0130N\u0130\u011e\u0130 Den Haag EbeBu sayfada &nbsp; Neler bekleyebilirsiniz Ultrasonlar ve muayeneler Den Haag&#8217;da do\u011fum Maliyetler ve geri \u00f6demeler \u00c7al\u0131\u015fma alan\u0131 S\u0131k Sorulan Sorular Den Haag Ebe: 7 Temel \u0130pucuDen Haag&#8217;da bir ebe ar\u0131yor ve \u00f6zellikle huzur, a\u00e7\u0131k a\u00e7\u0131klamalar ve hikayeniz i\u00e7in zaman istiyorsunuz? Verloskundigenpraktijk Margriet&#8217;te sizi \u00e7ocuk sahibi olma iste\u011finizden bebe\u011finizle ge\u00e7irece\u011finiz ilk [&hellip;]<\/p>\n","protected":false},"author":5,"featured_media":0,"parent":0,"menu_order":0,"comment_status":"closed","ping_status":"closed","template":"","meta":{"_et_pb_use_builder":"on","_et_pb_old_content":"","_et_gb_content_width":"","two_page_speed":{"current_score":{"desktop_score":93,"desktop_tti":"0.7\u00a0","mobile_score":86,"mobile_tti":"3.3\u00a0","date":"02.11.2025 09:45:58 pm","status":"completed"}},"footnotes":""},"class_list":["post-6615","page","type-page","status-publish","hentry"],"_links":{"self":[{"href":"https:\/\/verloskundigenpraktijkmargriet.nl\/tr\/wp-json\/wp\/v2\/pages\/6615","targetHints":{"allow":["GET"]}}],"collection":[{"href":"https:\/\/verloskundigenpraktijkmargriet.nl\/tr\/wp-json\/wp\/v2\/pages"}],"about":[{"href":"https:\/\/verloskundigenpraktijkmargriet.nl\/tr\/wp-json\/wp\/v2\/types\/page"}],"author":[{"embeddable":true,"href":"https:\/\/verloskundigenpraktijkmargriet.nl\/tr\/wp-json\/wp\/v2\/users\/5"}],"replies":[{"embeddable":true,"href":"https:\/\/verloskundigenpraktijkmargriet.nl\/tr\/wp-json\/wp\/v2\/comments?post=6615"}],"version-history":[{"count":0,"href":"https:\/\/verloskundigenpraktijkmargriet.nl\/tr\/wp-json\/wp\/v2\/pages\/6615\/revisions"}],"wp:attachment":[{"href":"https:\/\/verloskundigenpraktijkmargriet.nl\/tr\/wp-json\/wp\/v2\/media?parent=6615"}],"curies":[{"name":"wp","href":"https:\/\/api.w.org\/{rel}","templated":true}]}}